{"id":5265,"date":"2023-06-19T18:03:22","date_gmt":"2023-06-19T16:03:22","guid":{"rendered":"https:\/\/xarxa.museunacional.cat\/inici\/"},"modified":"2026-04-09T13:30:43","modified_gmt":"2026-04-09T11:30:43","slug":"inici","status":"publish","type":"page","link":"https:\/\/xarxa.museunacional.cat\/es\/","title":{"rendered":"Inicio"},"content":{"rendered":"<div class=\"wpb-content-wrapper\"><p>[vc_row css_animation=\u00bb\u00bb row_type=\u00bbrow\u00bb use_row_as_full_screen_section=\u00bbyes\u00bb type=\u00bbfull_width\u00bb angled_section=\u00bbno\u00bb text_align=\u00bbleft\u00bb video=\u00bbshow_video\u00bb background_image_as_pattern=\u00bbwith_pattern\u00bb z_index=\u00bb\u00bb video_mp4=\u00bbhttps:\/\/xarxa.museunacional.cat\/wp-content\/uploads\/2023\/04\/INTRO_XMAC.mp4&#8243; background_image=\u00bb5822&#8243; background_color=\u00bb#0a0a0a\u00bb][vc_column][vc_empty_space height=\u00bb932px\u00bb][\/vc_column][\/vc_row][vc_row css_animation=\u00bb\u00bb row_type=\u00bbrow\u00bb use_row_as_full_screen_section=\u00bbno\u00bb type=\u00bbfull_width\u00bb angled_section=\u00bbno\u00bb text_align=\u00bbleft\u00bb background_image_as_pattern=\u00bbwithout_pattern\u00bb bg_type=\u00bbbg_color\u00bb z_index=\u00bb\u00bb bg_color_value=\u00bb#457681&#8243; css=\u00bb.vc_custom_1671101045917{padding-top: 80px !important;padding-bottom: 80px !important;}\u00bb][vc_column css_animation=\u00bbfadeIn\u00bb][vc_column_text]<\/p>\n<h2 style=\"text-align: center;\"><span style=\"color: #ffffff;\">Comisariados <span style=\"font-weight: 400;\">Online<\/span><\/span><\/h2>\n<p>[\/vc_column_text][vc_empty_space height=\u00bb52px\u00bb][vc_row_inner row_type=\u00bbrow\u00bb type=\u00bbgrid\u00bb text_align=\u00bbleft\u00bb css_animation=\u00bbelement_from_bottom\u00bb][vc_column_inner width=\u00bb1\/3&#8243;][vc_single_image image=\u00bb11928&#8243; img_size=\u00bbfull\u00bb onclick=\u00bbcustom_link\u00bb css=\u00bb\u00bb qode_css_animation=\u00bb\u00bb qode_hover_animation=\u00bbzoom_in\u00bb link=\u00bb\/es\/la-eterna-promesa-la-infancia-en-el-arte\/\u00bb][vc_column_text css=\u00bb\u00bb]<\/p>\n<h3 class=\"home3\"><a href=\"\/es\/la-eterna-promesa-la-infancia-en-el-arte\/\"><span style=\"color: #ffffff;\">La eterna promesa: la infancia en el arte<\/span><\/a><\/h3>\n<p>[\/vc_column_text][vc_column_text css=\u00bb\u00bb]<span style=\"color: #ffffff;\"><em>La eterna promesa: la infancia en el arte <\/em>explora c\u00f3mo los artistas han evocado, idealizado o denunciado las m\u00faltiples caras de la infancia. Desde la llegada al mundo hasta los territorios del juego, el aprendizaje, la pobreza, la violencia o la guerra, nos invita a mirar la infancia como recuerdo compartido, promesa y espejo de cada sociedad.<\/span>[\/vc_column_text][\/vc_column_inner][vc_column_inner width=\u00bb1\/3&#8243;][vc_single_image image=\u00bb11925&#8243; img_size=\u00bbfull\u00bb onclick=\u00bbcustom_link\u00bb css=\u00bb\u00bb qode_css_animation=\u00bb\u00bb qode_hover_animation=\u00bbzoom_in\u00bb link=\u00bb\/es\/risa-en-el-museo\/\u00bb][vc_column_text css=\u00bb\u00bb]<\/p>\n<h3 class=\"home3\"><a href=\"\/es\/risa-en-el-museo\/\"><span style=\"color: #ffffff;\">Risa en el museo<\/span><\/a><\/h3>\n<p>[\/vc_column_text][vc_column_text css=\u00bb\u00bb]<span style=\"color: #ffffff;\">Un viaje fascinante en busca de la risa, la comicidad y el humor a trav\u00e9s del legado art\u00edstico, cultural y patrimonial de las colecciones de la XMAC.<\/span>[\/vc_column_text][\/vc_column_inner][vc_column_inner width=\u00bb1\/3&#8243;][vc_single_image image=\u00bb9425&#8243; img_size=\u00bbfull\u00bb onclick=\u00bbcustom_link\u00bb css=\u00bb\u00bb qode_css_animation=\u00bb\u00bb qode_hover_animation=\u00bbzoom_in\u00bb link=\u00bb\/es\/un-recorrido-por-el-imaginario-de-la-luz\/\u00bb][vc_column_text css=\u00bb\u00bb]<\/p>\n<h3 class=\"home3\"><a href=\"\/es\/un-recorrido-por-el-imaginario-de-la-luz\/\"><span style=\"color: #ffffff;\">Un recorrido por el imaginario de la luz<\/span><\/a><\/h3>\n<p>[\/vc_column_text][vc_column_text css=\u00bb\u00bb]<span style=\"color: #ffffff;\">La luz atraviesa mitos, revoluciones y paisajes, s\u00edmbolo antiguo de conocimiento y transformaci\u00f3n. Con la electricidad, se expandi\u00f3 al ritmo de las ciudades, moldeando formas de vida y sue\u00f1os. En el arte, la luz revela y reinventa el mundo. Esta exposici\u00f3n invita a recorrer, con banda sonora, el imaginario de la luz.<\/span>[\/vc_column_text][\/vc_column_inner][\/vc_row_inner][vc_empty_space height=\u00bb62px\u00bb]<div class=\" ubtn-ctn-center \"><a class=\"ubtn-link ult-adjust-bottom-margin ubtn-center ubtn-normal \" href=\"https:\/\/xarxa.museunacional.cat\/es\/comissariats-en-linia\/\" title=\"Comisariados Online\" ><button type=\"button\" id=\"ubtn-1472\"  class=\"ubtn ult-adjust-bottom-margin ult-responsive ubtn-normal ubtn-no-hover-bg  none  ubtn-center   tooltip-69ef958a5d51a\"  data-hover=\"#000000\" data-border-color=\"\" data-bg=\"#000000\" data-hover-bg=\"#ffffff\" data-border-hover=\"\" data-shadow-hover=\"\" data-shadow-click=\"none\" data-shadow=\"\" data-shd-shadow=\"\"  data-ultimate-target='#ubtn-1472'  data-responsive-json-new='{\"font-size\":\"desktop:20px;\",\"line-height\":\"\"}'  style=\"font-weight:normal;border:none;background: #000000;color: #ffffff;\"><span class=\"ubtn-data ubtn-icon\"><i class=\"none\" style=\"font-size:32px;color:;\"><\/i><\/span><span class=\"ubtn-hover\" style=\"background-color:#ffffff\"><\/span><span class=\"ubtn-data ubtn-text \" >Ver m\u00e1s<\/span><\/button><\/a><\/div>[\/vc_column][\/vc_row][vc_row css_animation=\u00bb\u00bb row_type=\u00bbrow\u00bb use_row_as_full_screen_section=\u00bbno\u00bb type=\u00bbfull_width\u00bb angled_section=\u00bbno\u00bb text_align=\u00bbleft\u00bb background_image_as_pattern=\u00bbwithout_pattern\u00bb bg_type=\u00bbbg_color\u00bb z_index=\u00bb\u00bb bg_color_value=\u00bb#e5e2dd\u00bb css=\u00bb.vc_custom_1671100444714{padding-top: 70px !important;padding-bottom: 70px !important;}\u00bb][vc_column css_animation=\u00bbfadeInUp\u00bb][vc_column_text]<\/p>\n<h2 style=\"text-align: center;\">Visita los <span style=\"font-weight: 400;\"><strong>Museos<\/strong> de la &#8216;Xarxa&#8217;<\/span><\/h2>\n<p>[\/vc_column_text][vc_empty_space height=\u00bb52px\u00bb][vc_row_inner row_type=\u00bbrow\u00bb type=\u00bbfull_width\u00bb text_align=\u00bbleft\u00bb css_animation=\u00bb\u00bb][vc_column_inner width=\u00bb1\/6&#8243;][\/vc_column_inner][vc_column_inner width=\u00bb2\/3&#8243;][vc_column_text css=\u00bb.vc_custom_1671100306942{padding-right: 200px !important;padding-left: 200px !important;}\u00bb]<div><div id=\"image-map-pro-3473\"><\/div><\/div>[\/vc_column_text][\/vc_column_inner][vc_column_inner width=\u00bb1\/6&#8243;][\/vc_column_inner][\/vc_row_inner][\/vc_column][\/vc_row]<\/p>\n<\/div>","protected":false},"excerpt":{"rendered":"<p>[vc_row css_animation=\u00bb\u00bb row_type=\u00bbrow\u00bb use_row_as_full_screen_section=\u00bbyes\u00bb type=\u00bbfull_width\u00bb angled_section=\u00bbno\u00bb text_align=\u00bbleft\u00bb video=\u00bbshow_video\u00bb background_image_as_pattern=\u00bbwith_pattern\u00bb z_index=\u00bb\u00bb video_mp4=\u00bbhttps:\/\/xarxa.museunacional.cat\/wp-content\/uploads\/2023\/04\/INTRO_XMAC.mp4&#8243; background_image=\u00bb5822&#8243; background_color=\u00bb#0a0a0a\u00bb][vc_column][vc_empty_space height=\u00bb932px\u00bb][\/vc_column][\/vc_row][vc_row css_animation=\u00bb\u00bb row_type=\u00bbrow\u00bb use_row_as_full_screen_section=\u00bbno\u00bb type=\u00bbfull_width\u00bb angled_section=\u00bbno\u00bb text_align=\u00bbleft\u00bb background_image_as_pattern=\u00bbwithout_pattern\u00bb bg_type=\u00bbbg_color\u00bb z_index=\u00bb\u00bb bg_color_value=\u00bb#457681&#8243; css=\u00bb.vc_custom_1671101045917{padding-top: 80px !important;padding-bottom: 80px !important;}\u00bb][vc_column css_animation=\u00bbfadeIn\u00bb][vc_column_text] Comisariados Online [\/vc_column_text][vc_empty_space height=\u00bb52px\u00bb][vc_row_inner row_type=\u00bbrow\u00bb type=\u00bbgrid\u00bb text_align=\u00bbleft\u00bb css_animation=\u00bbelement_from_bottom\u00bb][vc_column_inner width=\u00bb1\/3&#8243;][vc_single_image image=\u00bb11928&#8243; img_size=\u00bbfull\u00bb onclick=\u00bbcustom_link\u00bb css=\u00bb\u00bb qode_css_animation=\u00bb\u00bb qode_hover_animation=\u00bbzoom_in\u00bb&#8230;<\/p>\n","protected":false},"author":1,"featured_media":0,"parent":0,"menu_order":0,"comment_status":"closed","ping_status":"closed","template":"full_width.php","meta":{"_acf_changed":false,"inline_featured_image":false,"_vp_format_video_url":"","_vp_image_focal_point":[],"footnotes":""},"class_list":["post-5265","page","type-page","status-publish","hentry"],"acf":[],"yoast_head":"<!-- This site is optimized with the Yoast SEO plugin v27.4 - https:\/\/yoast.com\/product\/yoast-seo-wordpress\/ -->\n<title>Inicio - Xarxa de Museus d\u2019Art de Catalunya<\/title>\n<meta name=\"robots\" content=\"index, follow, max-snippet:-1, max-image-preview:large, max-video-preview:-1\" \/>\n<link rel=\"canonical\" href=\"https:\/\/xarxa.museunacional.cat\/es\/\" \/>\n<meta property=\"og:locale\" content=\"es_ES\" \/>\n<meta property=\"og:type\" content=\"article\" \/>\n<meta property=\"og:title\" content=\"Inicio - Xarxa de Museus d\u2019Art de Catalunya\" \/>\n<meta property=\"og:description\" content=\"[vc_row css_animation=\u00bb\u00bb row_type=\u00bbrow\u00bb use_row_as_full_screen_section=\u00bbyes\u00bb type=\u00bbfull_width\u00bb angled_section=\u00bbno\u00bb text_align=\u00bbleft\u00bb video=\u00bbshow_video\u00bb background_image_as_pattern=\u00bbwith_pattern\u00bb z_index=\u00bb\u00bb video_mp4=\u00bbhttps:\/\/xarxa.museunacional.cat\/wp-content\/uploads\/2023\/04\/INTRO_XMAC.mp4&#8243; background_image=\u00bb5822&#8243; background_color=\u00bb#0a0a0a\u00bb][vc_column][vc_empty_space height=\u00bb932px\u00bb][\/vc_column][\/vc_row][vc_row css_animation=\u00bb\u00bb row_type=\u00bbrow\u00bb use_row_as_full_screen_section=\u00bbno\u00bb type=\u00bbfull_width\u00bb angled_section=\u00bbno\u00bb text_align=\u00bbleft\u00bb background_image_as_pattern=\u00bbwithout_pattern\u00bb bg_type=\u00bbbg_color\u00bb z_index=\u00bb\u00bb bg_color_value=\u00bb#457681&#8243; css=\u00bb.vc_custom_1671101045917{padding-top: 80px !important;padding-bottom: 80px !important;}\u00bb][vc_column css_animation=\u00bbfadeIn\u00bb][vc_column_text] Comisariados Online [\/vc_column_text][vc_empty_space height=\u00bb52px\u00bb][vc_row_inner row_type=\u00bbrow\u00bb type=\u00bbgrid\u00bb text_align=\u00bbleft\u00bb css_animation=\u00bbelement_from_bottom\u00bb][vc_column_inner width=\u00bb1\/3&#8243;][vc_single_image image=\u00bb11928&#8243; img_size=\u00bbfull\u00bb onclick=\u00bbcustom_link\u00bb css=\u00bb\u00bb qode_css_animation=\u00bb\u00bb qode_hover_animation=\u00bbzoom_in\u00bb...\" \/>\n<meta property=\"og:url\" content=\"https:\/\/xarxa.museunacional.cat\/es\/\" \/>\n<meta property=\"og:site_name\" content=\"Xarxa de Museus d\u2019Art de Catalunya\" \/>\n<meta property=\"article:modified_time\" content=\"2026-04-09T11:30:43+00:00\" \/>\n<meta name=\"twitter:card\" content=\"summary_large_image\" \/>\n<meta name=\"twitter:label1\" content=\"Tiempo de lectura\" \/>\n\t<meta name=\"twitter:data1\" content=\"3 minutos\" \/>\n<script type=\"application\/ld+json\" class=\"yoast-schema-graph\">{\"@context\":\"https:\\\/\\\/schema.org\",\"@graph\":[{\"@type\":\"WebPage\",\"@id\":\"https:\\\/\\\/xarxa.museunacional.cat\\\/es\\\/\",\"url\":\"https:\\\/\\\/xarxa.museunacional.cat\\\/es\\\/\",\"name\":\"Inicio - Xarxa de Museus d\u2019Art de Catalunya\",\"isPartOf\":{\"@id\":\"https:\\\/\\\/xarxa.museunacional.cat\\\/#website\"},\"datePublished\":\"2023-06-19T16:03:22+00:00\",\"dateModified\":\"2026-04-09T11:30:43+00:00\",\"breadcrumb\":{\"@id\":\"https:\\\/\\\/xarxa.museunacional.cat\\\/es\\\/#breadcrumb\"},\"inLanguage\":\"es\",\"potentialAction\":[{\"@type\":\"ReadAction\",\"target\":[\"https:\\\/\\\/xarxa.museunacional.cat\\\/es\\\/\"]}]},{\"@type\":\"BreadcrumbList\",\"@id\":\"https:\\\/\\\/xarxa.museunacional.cat\\\/es\\\/#breadcrumb\",\"itemListElement\":[{\"@type\":\"ListItem\",\"position\":1,\"name\":\"Inici\",\"item\":\"https:\\\/\\\/xarxa.museunacional.cat\\\/es\\\/\"},{\"@type\":\"ListItem\",\"position\":2,\"name\":\"Inicio\"}]},{\"@type\":\"WebSite\",\"@id\":\"https:\\\/\\\/xarxa.museunacional.cat\\\/#website\",\"url\":\"https:\\\/\\\/xarxa.museunacional.cat\\\/\",\"name\":\"Xarxa de Museus d\u2019Art de Catalunya\",\"description\":\"Un altre lloc gestionat amb el WordPress\",\"publisher\":{\"@id\":\"https:\\\/\\\/xarxa.museunacional.cat\\\/#organization\"},\"potentialAction\":[{\"@type\":\"SearchAction\",\"target\":{\"@type\":\"EntryPoint\",\"urlTemplate\":\"https:\\\/\\\/xarxa.museunacional.cat\\\/?s={search_term_string}\"},\"query-input\":{\"@type\":\"PropertyValueSpecification\",\"valueRequired\":true,\"valueName\":\"search_term_string\"}}],\"inLanguage\":\"es\"},{\"@type\":\"Organization\",\"@id\":\"https:\\\/\\\/xarxa.museunacional.cat\\\/#organization\",\"name\":\"Xarxa de Museus d\u2019Art de Catalunya\",\"url\":\"https:\\\/\\\/xarxa.museunacional.cat\\\/\",\"logo\":{\"@type\":\"ImageObject\",\"inLanguage\":\"es\",\"@id\":\"https:\\\/\\\/xarxa.museunacional.cat\\\/#\\\/schema\\\/logo\\\/image\\\/\",\"url\":\"https:\\\/\\\/xarxa.museunacional.cat\\\/wp-content\\\/uploads\\\/2024\\\/08\\\/logo.png\",\"contentUrl\":\"https:\\\/\\\/xarxa.museunacional.cat\\\/wp-content\\\/uploads\\\/2024\\\/08\\\/logo.png\",\"width\":400,\"height\":88,\"caption\":\"Xarxa de Museus d\u2019Art de Catalunya\"},\"image\":{\"@id\":\"https:\\\/\\\/xarxa.museunacional.cat\\\/#\\\/schema\\\/logo\\\/image\\\/\"}}]}<\/script>\n<!-- \/ Yoast SEO plugin. -->","yoast_head_json":{"title":"Inicio - Xarxa de Museus d\u2019Art de Catalunya","robots":{"index":"index","follow":"follow","max-snippet":"max-snippet:-1","max-image-preview":"max-image-preview:large","max-video-preview":"max-video-preview:-1"},"canonical":"https:\/\/xarxa.museunacional.cat\/es\/","og_locale":"es_ES","og_type":"article","og_title":"Inicio - Xarxa de Museus d\u2019Art de Catalunya","og_description":"[vc_row css_animation=\u00bb\u00bb row_type=\u00bbrow\u00bb use_row_as_full_screen_section=\u00bbyes\u00bb type=\u00bbfull_width\u00bb angled_section=\u00bbno\u00bb text_align=\u00bbleft\u00bb video=\u00bbshow_video\u00bb background_image_as_pattern=\u00bbwith_pattern\u00bb z_index=\u00bb\u00bb video_mp4=\u00bbhttps:\/\/xarxa.museunacional.cat\/wp-content\/uploads\/2023\/04\/INTRO_XMAC.mp4&#8243; background_image=\u00bb5822&#8243; background_color=\u00bb#0a0a0a\u00bb][vc_column][vc_empty_space height=\u00bb932px\u00bb][\/vc_column][\/vc_row][vc_row css_animation=\u00bb\u00bb row_type=\u00bbrow\u00bb use_row_as_full_screen_section=\u00bbno\u00bb type=\u00bbfull_width\u00bb angled_section=\u00bbno\u00bb text_align=\u00bbleft\u00bb background_image_as_pattern=\u00bbwithout_pattern\u00bb bg_type=\u00bbbg_color\u00bb z_index=\u00bb\u00bb bg_color_value=\u00bb#457681&#8243; css=\u00bb.vc_custom_1671101045917{padding-top: 80px !important;padding-bottom: 80px !important;}\u00bb][vc_column css_animation=\u00bbfadeIn\u00bb][vc_column_text] Comisariados Online [\/vc_column_text][vc_empty_space height=\u00bb52px\u00bb][vc_row_inner row_type=\u00bbrow\u00bb type=\u00bbgrid\u00bb text_align=\u00bbleft\u00bb css_animation=\u00bbelement_from_bottom\u00bb][vc_column_inner width=\u00bb1\/3&#8243;][vc_single_image image=\u00bb11928&#8243; img_size=\u00bbfull\u00bb onclick=\u00bbcustom_link\u00bb css=\u00bb\u00bb qode_css_animation=\u00bb\u00bb qode_hover_animation=\u00bbzoom_in\u00bb...","og_url":"https:\/\/xarxa.museunacional.cat\/es\/","og_site_name":"Xarxa de Museus d\u2019Art de Catalunya","article_modified_time":"2026-04-09T11:30:43+00:00","twitter_card":"summary_large_image","twitter_misc":{"Tiempo de lectura":"3 minutos"},"schema":{"@context":"https:\/\/schema.org","@graph":[{"@type":"WebPage","@id":"https:\/\/xarxa.museunacional.cat\/es\/","url":"https:\/\/xarxa.museunacional.cat\/es\/","name":"Inicio - Xarxa de Museus d\u2019Art de Catalunya","isPartOf":{"@id":"https:\/\/xarxa.museunacional.cat\/#website"},"datePublished":"2023-06-19T16:03:22+00:00","dateModified":"2026-04-09T11:30:43+00:00","breadcrumb":{"@id":"https:\/\/xarxa.museunacional.cat\/es\/#breadcrumb"},"inLanguage":"es","potentialAction":[{"@type":"ReadAction","target":["https:\/\/xarxa.museunacional.cat\/es\/"]}]},{"@type":"BreadcrumbList","@id":"https:\/\/xarxa.museunacional.cat\/es\/#breadcrumb","itemListElement":[{"@type":"ListItem","position":1,"name":"Inici","item":"https:\/\/xarxa.museunacional.cat\/es\/"},{"@type":"ListItem","position":2,"name":"Inicio"}]},{"@type":"WebSite","@id":"https:\/\/xarxa.museunacional.cat\/#website","url":"https:\/\/xarxa.museunacional.cat\/","name":"Xarxa de Museus d\u2019Art de Catalunya","description":"Un altre lloc gestionat amb el WordPress","publisher":{"@id":"https:\/\/xarxa.museunacional.cat\/#organization"},"potentialAction":[{"@type":"SearchAction","target":{"@type":"EntryPoint","urlTemplate":"https:\/\/xarxa.museunacional.cat\/?s={search_term_string}"},"query-input":{"@type":"PropertyValueSpecification","valueRequired":true,"valueName":"search_term_string"}}],"inLanguage":"es"},{"@type":"Organization","@id":"https:\/\/xarxa.museunacional.cat\/#organization","name":"Xarxa de Museus d\u2019Art de Catalunya","url":"https:\/\/xarxa.museunacional.cat\/","logo":{"@type":"ImageObject","inLanguage":"es","@id":"https:\/\/xarxa.museunacional.cat\/#\/schema\/logo\/image\/","url":"https:\/\/xarxa.museunacional.cat\/wp-content\/uploads\/2024\/08\/logo.png","contentUrl":"https:\/\/xarxa.museunacional.cat\/wp-content\/uploads\/2024\/08\/logo.png","width":400,"height":88,"caption":"Xarxa de Museus d\u2019Art de Catalunya"},"image":{"@id":"https:\/\/xarxa.museunacional.cat\/#\/schema\/logo\/image\/"}}]}},"_links":{"self":[{"href":"https:\/\/xarxa.museunacional.cat\/es\/wp-json\/wp\/v2\/pages\/5265","targetHints":{"allow":["GET"]}}],"collection":[{"href":"https:\/\/xarxa.museunacional.cat\/es\/wp-json\/wp\/v2\/pages"}],"about":[{"href":"https:\/\/xarxa.museunacional.cat\/es\/wp-json\/wp\/v2\/types\/page"}],"author":[{"embeddable":true,"href":"https:\/\/xarxa.museunacional.cat\/es\/wp-json\/wp\/v2\/users\/1"}],"replies":[{"embeddable":true,"href":"https:\/\/xarxa.museunacional.cat\/es\/wp-json\/wp\/v2\/comments?post=5265"}],"version-history":[{"count":27,"href":"https:\/\/xarxa.museunacional.cat\/es\/wp-json\/wp\/v2\/pages\/5265\/revisions"}],"predecessor-version":[{"id":11931,"href":"https:\/\/xarxa.museunacional.cat\/es\/wp-json\/wp\/v2\/pages\/5265\/revisions\/11931"}],"wp:attachment":[{"href":"https:\/\/xarxa.museunacional.cat\/es\/wp-json\/wp\/v2\/media?parent=5265"}],"curies":[{"name":"wp","href":"https:\/\/api.w.org\/{rel}","templated":true}]}}